{"id":3411,"date":"2021-12-09T05:56:22","date_gmt":"2021-12-09T05:56:22","guid":{"rendered":"https:\/\/hedwig-dohm-os.de\/?page_id=3411"},"modified":"2023-01-03T04:28:19","modified_gmt":"2023-01-03T04:28:19","slug":"untericht","status":"publish","type":"page","link":"https:\/\/hedwig-dohm-os.de\/01\/schuelerinnen\/untericht\/","title":{"rendered":"Unterricht"},"content":{"rendered":"\n<p class=\"textpadding nebenfeaturedimg\">Auch wenn wir als Sch\u00fcler:innen ger\u00adne erst ein\u00admal \u00fcber die Pau\u00adsen reden w\u00fcr\u00adden, hier geht es um das, was zwi\u00adschen den Pau\u00adsen pas\u00adsiert: Der Unter\u00adricht. An unse\u00adrer Schu\u00adle dau\u00adert eine Unter\u00adrichts\u00adstun\u00adde gan\u00adze 60&nbsp;Minu\u00adten. Die Schu\u00adle \u00f6ff\u00adnet mor\u00adgens ihre T\u00fcren um 8.15&nbsp;Uhr und nach sechs Unter\u00adrichts\u00adstun\u00adden ist um 15.45&nbsp;Uhr Schul\u00adschluss. Wir sind damit eine Ganz\u00adtags\u00adschu\u00adle und an einem Tag in der Woche haben wir durch die Wahl einer AG sogar selbst Ein\u00adfluss auf den Unterricht.<\/p>\n\n\n\n<div style=\"height:30px\" aria-hidden=\"true\" class=\"wp-block-spacer advgb-dyn-afe3be10\"><\/div>\n\n\n\n<div class=\"wp-block-advgb-accordions advgb-accordion-wrapper\" data-collapsed=\"true\">\n<div class=\"wp-block-advgb-accordion-item advgb-accordion-item\" style=\"margin-bottom:0\"><div class=\"advgb-accordion-header\" style=\"background-color:#cceeff;color:#0693e3;border-style:dashed;border-width:1px;border-color:#ffffff;border-radius:15px\"><span class=\"advgb-accordion-header-icon\"><svg fill=\"#0693e3\" width=\"24\" height=\"24\" viewBox=\"0 0 24 24\"><path fill=\"none\" d=\"M0,0h24v24H0V0z\" \/><path d=\"M12,5.83L15.17,9l1.41-1.41L12,3L7.41,7.59L8.83,9L12,5.83z M12,18.17L8.83,15l-1.41,1.41L12,21l4.59-4.59L15.17,15 L12,18.17z\" \/><\/svg><\/span><h4 class=\"advgb-accordion-header-title\" style=\"color:inherit\">Wir haben an der HDO einen Unterricht mit Leistungsdifferenzierungen. Was bedeutet das?<\/h4><\/div><div class=\"advgb-accordion-body\" style=\"background-color:#8ed1fc;color:#0693e3;border-style:dashed !important;border-width:1px !important;border-color:#ffffff !important;border-top:none !important;border-radius:15px !important\">\n<p>Da wir alle unter\u00adschied\u00adli\u00adche F\u00e4hig\u00adkei\u00adten zum Ler\u00adnen haben, gibt es bei uns auch vie\u00adle M\u00f6g\u00adlich\u00adkei\u00adten, die uns beim Ler\u00adnen unter\u00adst\u00fct\u00adzen. Grund\u00ads\u00e4tz\u00adlich wer\u00adden alle Unter\u00adrichts\u00adf\u00e4\u00adcher auf erwei\u00adter\u00adtem Niveau (ER-Niveau) ange\u00adbo\u00adten. Dar\u00ad\u00fcber hin\u00adaus gibt es aber auch Unter\u00adrichts\u00adan\u00adge\u00adbo\u00adte im Grund\u00adni\u00adveau (GR-Niveau) f\u00fcr Sch\u00fcler:innen die \u00fcber\u00adwie\u00adgend ler\u00adnen, um die erwei\u00adter\u00adte Berufs\u00adbil\u00addungs\u00adrei\u00adfe (eBBR) oder die Berufs\u00adbil\u00addungs\u00adrei\u00adfe (BBR) zu erreichen.<\/p>\n\n\n\n<p>Neben dem gewohn\u00adten Klas\u00adsen\u00adun\u00adter\u00adricht gibt es p\u00e4d\u00adago\u00adgi\u00adsche Klein\u00adgrup\u00adpen oder die indi\u00advi\u00addu\u00adel\u00adle Unter\u00adst\u00fct\u00adzung durch Schulhelfer:innen. Durch Dif\u00adfe\u00adren\u00adzie\u00adrun\u00adgen im Unter\u00adricht wer\u00adden f\u00fcr vie\u00adle Sch\u00fcler:innen die rich\u00adti\u00adgen Wege gefun\u00adden, die zur opti\u00admier\u00adten F\u00f6r\u00adde\u00adrung und Inte\u00adgra\u00adti\u00adon f\u00fchren.&nbsp;<\/p>\n<\/div><\/div>\n<\/div>\n\n\n\n<div style=\"height:10px\" aria-hidden=\"true\" class=\"wp-block-spacer advgb-dyn-d28b3ae8\"><\/div>\n\n\n\n<p class=\"textpadding\">Aber noch etwas wird an unse\u00adre Schu\u00adle gro\u00df geschrie\u00adben: Die Ver\u00adkn\u00fcp\u00adfung von Theo\u00adrie und Pra\u00adxis fin\u00addet in vie\u00adlen F\u00e4chern statt. Im neun\u00adten Schul\u00adjahr gehen die Sch\u00fcler:innen f\u00fcr drei Wochen ins Berufs\u00adprak\u00adti\u00adkum und im zehn\u00adten dann noch ein\u00admal f\u00fcr zwei Wochen.<\/p>\n\n\n\n<div style=\"height:10px\" aria-hidden=\"true\" class=\"wp-block-spacer advgb-dyn-d28b3ae8\"><\/div>\n\n\n\n<div class=\"wp-block-advgb-accordions advgb-accordion-wrapper\" data-collapsed=\"true\">\n<div class=\"wp-block-advgb-accordion-item advgb-accordion-item\" style=\"margin-bottom:0\"><div class=\"advgb-accordion-header\" style=\"background-color:#cceeff;color:#0693e3;border-style:dashed;border-width:1px;border-color:#ffffff;border-radius:15px\"><span class=\"advgb-accordion-header-icon\"><svg fill=\"#0693e3\" width=\"24\" height=\"24\" viewBox=\"0 0 24 24\"><path fill=\"none\" d=\"M0,0h24v24H0V0z\" \/><path d=\"M12,5.83L15.17,9l1.41-1.41L12,3L7.41,7.59L8.83,9L12,5.83z M12,18.17L8.83,15l-1.41,1.41L12,21l4.59-4.59L15.17,15 L12,18.17z\" \/><\/svg><\/span><h4 class=\"advgb-accordion-header-title\" style=\"color:inherit\">Auf dem Weg zum Traumberuf: Die Berufs- und Studienorientierung (BSO)<\/h4><\/div><div class=\"advgb-accordion-body\" style=\"background-color:#8ed1fc;color:#0693e3;border-style:dashed !important;border-width:1px !important;border-color:#ffffff !important;border-top:none !important;border-radius:15px !important\">\n<p>Es ist ziem\u00adlich unwahr\u00adschein\u00adlich, dass der rea\u00adlis\u00adti\u00adsche Berufs\u00adwunsch im Traum\u00adf\u00e4n\u00adger h\u00e4n\u00adgen\u00adbleibt. Ziel\u00adf\u00fch\u00adren\u00adder ist es, sich schon fr\u00fch mit den M\u00f6g\u00adlich\u00adkei\u00adten in der Berufs\u00adwelt zu besch\u00e4f\u00adti\u00adgen. Begin\u00adnend mit der 7. Klas\u00adsen\u00adstu\u00adfe ver\u00adsu\u00adchen wir unse\u00adren Sch\u00fc\u00adle\u00adrin\u00adnen und Sch\u00fc\u00adlern einen erfolg\u00adrei\u00adchen Ein\u00adstieg in das Arbeits\u00adle\u00adben zu erm\u00f6g\u00adli\u00adchen. Hier\u00adf\u00fcr haben wir zusam\u00admen mit Fach\u00adleh\u00adrern, Sozi\u00adal\u00adp\u00e4d\u00adago\u00adgen, Berufs\u00adbe\u00adra\u00adtern, Berufseinstiegsbegleiter:innen und unse\u00adren au\u00dfer\u00adschu\u00adli\u00adschen Koope\u00adra\u00adti\u00adons\u00adpart\u00adnern (z.B. SOS Kin\u00adder\u00addorf, etc.) ein Netz aus ver\u00adschie\u00addens\u00adten Ange\u00adbo\u00adten gekn\u00fcpft.<\/p>\n\n\n\n<p>Unser gemein\u00adsa\u00admes Ziel ist es, dass jede Sch\u00fc\u00adle\u00adrin und jeder Sch\u00fc\u00adler am Ende der 10. Klas\u00adse wei\u00df, auf wel\u00adchem Weg es f\u00fcr sie oder ihn wei\u00adter\u00adgeht: Sei dies in der Berufs\u00adaus\u00adbil\u00addung, in einer wei\u00adter\u00adf\u00fch\u00adren\u00adden beruf\u00adli\u00adchen Schu\u00adle oder in der gym\u00adna\u00adsia\u00adlen Ober\u00adstu\u00adfe in Zusam\u00admen\u00adar\u00adbeit mit der Theodor-Heuss-Gemeinschaftsschule.<\/p>\n<\/div><\/div>\n<\/div>\n\n\n\n<div style=\"height:10px\" aria-hidden=\"true\" class=\"wp-block-spacer advgb-dyn-d28b3ae8\"><\/div>\n\n\n\n<p class=\"textpadding\">Und jetzt geht es aber doch noch um die Pau\u00adsen \u2013 20 Minu\u00adten Pau\u00adse haben wir in der Fr\u00fch\u00adst\u00fccks\u00adpau\u00adse ab 10.20 Uhr und im Kiosk in der Men\u00adsa kann man sich dann klei\u00adne Snacks kau\u00adfen. Die Mit\u00adtags\u00adpau\u00adse beginnt um 12.40 Uhr und dau\u00adert 60 Minu\u00adten. In der Men\u00adsa gibt es dann t\u00e4g\u00adlich wech\u00adseln\u00adde Gerich\u00adte und ver\u00adschie\u00adde\u00adne B\u00e4l\u00adle sowie Tisch\u00adten\u00adnis\u00adkel\u00adlen kann man sich im Spie\u00adle\u00adwa\u00adgen aus\u00adlei\u00adhen. An man\u00adchen Tagen gibt es auch in der klei\u00adnen Turn\u00adhal\u00adle die M\u00f6g\u00adlich\u00adkeit zum Fu\u00df\u00adball\u00adspie\u00adlen. Bl\u00f6d ist es nur, wenn es regnet\u2026&nbsp;<\/p>\n\n\n\n<figure class=\"wp-block-gallery has-nested-images columns-default is-cropped wp-block-gallery-1 is-layout-flex wp-block-gallery-is-layout-flex\">\n<figure class=\"wp-block-image size-large advgb-dyn-e4aecb00\"><img loading=\"lazy\" decoding=\"async\" width=\"300\" height=\"300\" data-id=\"3287\" src=\"https:\/\/hedwig-dohm-os.de\/wp-content\/uploads\/2021\/12\/yes-we-are-open.png\" alt class=\"wp-image-3287\" srcset=\"https:\/\/hedwig-dohm-os.de\/wp-content\/uploads\/2021\/12\/yes-we-are-open.png 300w, https:\/\/hedwig-dohm-os.de\/wp-content\/uploads\/2021\/12\/yes-we-are-open-150x150.png 150w, https:\/\/hedwig-dohm-os.de\/wp-content\/uploads\/2021\/12\/yes-we-are-open-144x144.png 144w, https:\/\/hedwig-dohm-os.de\/wp-content\/uploads\/2021\/12\/yes-we-are-open-100x100.png 100w\" sizes=\"auto, (max-width: 300px) 100vw, 300px\"><figcaption class=\"wp-element-caption\">Um 8.15 Uhr gehen die T\u00fcren&nbsp;auf!<\/figcaption><\/figure>\n\n\n\n<figure class=\"wp-block-image size-large advgb-dyn-36ebbbea\"><img loading=\"lazy\" decoding=\"async\" width=\"300\" height=\"299\" data-id=\"3295\" src=\"https:\/\/hedwig-dohm-os.de\/wp-content\/uploads\/2021\/12\/ticktack.png\" alt class=\"wp-image-3295\" srcset=\"https:\/\/hedwig-dohm-os.de\/wp-content\/uploads\/2021\/12\/ticktack.png 300w, https:\/\/hedwig-dohm-os.de\/wp-content\/uploads\/2021\/12\/ticktack-150x150.png 150w, https:\/\/hedwig-dohm-os.de\/wp-content\/uploads\/2021\/12\/ticktack-144x144.png 144w, https:\/\/hedwig-dohm-os.de\/wp-content\/uploads\/2021\/12\/ticktack-100x100.png 100w\" sizes=\"auto, (max-width: 300px) 100vw, 300px\"><figcaption class=\"wp-element-caption\">60 Minu\u00adten dau\u00adert eine Unterrichtsstunde,&nbsp;<\/figcaption><\/figure>\n\n\n\n<figure class=\"wp-block-image size-large advgb-dyn-d9010f20\"><img loading=\"lazy\" decoding=\"async\" width=\"300\" height=\"300\" data-id=\"3301\" src=\"https:\/\/hedwig-dohm-os.de\/wp-content\/uploads\/2021\/12\/pause.png\" alt class=\"wp-image-3301\" srcset=\"https:\/\/hedwig-dohm-os.de\/wp-content\/uploads\/2021\/12\/pause.png 300w, https:\/\/hedwig-dohm-os.de\/wp-content\/uploads\/2021\/12\/pause-150x150.png 150w, https:\/\/hedwig-dohm-os.de\/wp-content\/uploads\/2021\/12\/pause-144x144.png 144w, https:\/\/hedwig-dohm-os.de\/wp-content\/uploads\/2021\/12\/pause-100x100.png 100w\" sizes=\"auto, (max-width: 300px) 100vw, 300px\"><figcaption class=\"wp-element-caption\">aber auch die Mittagspause!<\/figcaption><\/figure>\n<\/figure>\n\n\n\n<div style=\"height:100px\" aria-hidden=\"true\" class=\"wp-block-spacer\"><\/div>\n\n\n\n<div class=\"wp-block-columns is-layout-flex wp-container-core-columns-is-layout-9d6595d7 wp-block-columns-is-layout-flex\">\n<div class=\"wp-block-column is-layout-flow wp-block-column-is-layout-flow\" style=\"flex-basis:33.33%\">\n<figure class=\"wp-block-image size-full\"><a href=\"https:\/\/hedwig-dohm-os.de\/schuelerinnen\/untericht\/schulfaecher\/\"><img decoding=\"async\" src=\"https:\/\/hedwig-dohm-os.de\/wp-content\/uploads\/2021\/12\/faecher-bellows.png\" alt class=\"wp-image-3273\"><\/a><\/figure>\n<\/div>\n\n\n\n<div class=\"wp-block-column is-layout-flow wp-block-column-is-layout-flow\" style=\"flex-basis:66.66%\">\n<h2 class=\"wp-block-heading\">\u201c\u201c<\/h2>\n\n\n\n<p class=\"has-text-align-right\"><\/p>\n\n\n\n<p class=\"textpadding\">In der Schu\u00adle geht es um das Neue in dei\u00adnem Kopf \u2013 Schau dir mal unse\u00adre Schul\u00adf\u00e4\u00adcher&nbsp;an!<\/p>\n<\/div>\n<\/div>\n\n\n\n<blockquote class=\"wp-block-quote is-layout-flow wp-block-quote-is-layout-flow advgb-dyn-e517fdb6\">\n<p><\/p>\n<\/blockquote>\n\n\n\n<blockquote class=\"wp-block-stackable-blockquote stk-block-blockquote stk-block stk-a39eafd\" data-block-id=\"a39eafd\"><div class=\"stk-block-blockquote__content stk-container stk-a39eafd-container stk-hover-parent\"><div class=\"stk-block-content stk-inner-blocks\">\n<div class=\"wp-block-stackable-icon stk-block-icon stk-block stk-a5609aa\" data-block-id=\"a5609aa\"><span class=\"stk--svg-wrapper\"><div class=\"stk--inner-svg\"><svg style=\"height:0;width:0\"><defs><linearGradient id=\"linear-gradient-a5609aa\" x1=\"0\" x2=\"100%\" y1=\"0\" y2=\"0\"><stop offset=\"0%\" style=\"stop-opacity:1;stop-color:var(--linear-gradient-a-5609-aa-color-1)\" \/><stop offset=\"100%\" style=\"stop-opacity:1;stop-color:var(--linear-gradient-a-5609-aa-color-2)\" \/><\/linearGradient><\/defs><\/svg><svg viewBox=\"0 0 50 50\" aria-hidden=\"true\" width=\"32\" height=\"32\"><path d=\"M19.8 9.3C10.5 11.8 4.6 17 2.1 24.8c2.3-3.6 5.6-5.4 9.9-5.4 3.3 0 6 1.1 8.3 3.3 2.2 2.2 3.4 5 3.4 8.3 0 3.2-1.1 5.8-3.3 8-2.2 2.2-5.1 3.2-8.7 3.2-3.7 0-6.5-1.2-8.6-3.5C1 36.3 0 33.1 0 29 0 18.3 6.5 11.2 19.6 7.9l.2 1.4zm26.4 0C36.9 11.9 31 17 28.5 24.8c2.2-3.6 5.5-5.4 9.8-5.4 3.2 0 6 1.1 8.3 3.2 2.3 2.2 3.4 4.9 3.4 8.3 0 3.1-1.1 5.8-3.3 7.9-2.2 2.2-5.1 3.3-8.6 3.3-3.7 0-6.6-1.1-8.6-3.4-2.1-2.3-3.1-5.5-3.1-9.7 0-10.7 6.6-17.8 19.7-21.1l.1 1.4z\" \/><\/svg><\/div><\/span><\/div>\n\n\n\n<div class=\"wp-block-stackable-text stk-block-text stk-block stk-9d541d5\" data-block-id=\"9d541d5\"><p class=\"stk-block-text__text has-text-align-left\"><em>Ler\u00adnen ist Erfah\u00adrung. Alles ande\u00adre ist ein\u00adfach nur Infor\u00adma\u00adti\u00adon<\/em>. (Albert Einstein)<\/p><\/div>\n<\/div><\/div><\/blockquote>\n<style class=\"advgb-styles-renderer\">.stk-a39eafd{margin-bottom:0px !important}<\/style>","protected":false},"excerpt":{"rendered":"<p>Auch wenn wir als Sch\u00fcler:innen ger\u00adne erst ein\u00admal \u00fcber die Pau\u00adsen reden w\u00fcr\u00adden, hier geht es um das, was zwi\u00adschen den Pau\u00adsen pas\u00adsiert: Der Unter\u00adricht. An unse\u00adrer Schu\u00adle dau\u00adert eine Unter\u00adrichts\u00adstun\u00adde gan\u00adze 60&nbsp;Minu\u00adten. Die Schu\u00adle \u00f6ff\u00adnet mor\u00adgens ihre T\u00fcren um 8.15&nbsp;Uhr und nach sechs Unter\u00adrichts\u00adstun\u00adden ist um 15.45&nbsp;Uhr Schul\u00adschluss. Wir sind damit eine Ganz\u00adtags\u00adschu\u00adle&nbsp;und<\/p>\n<p class=\"text-right\"><span class=\"screen-reader-text\">Wei\u00adter\u00adle\u00adsen \u2026 Unter\u00adricht<\/span><a class=\"btn btn-secondary continue-reading\" href=\"https:\/\/hedwig-dohm-os.de\/01\/schuelerinnen\/untericht\/\">Wei\u00adter\u00adle\u00adsen \u2026<\/a><\/p>\n","protected":false},"author":1,"featured_media":3326,"parent":67,"menu_order":0,"comment_status":"closed","ping_status":"closed","template":"","meta":{"inline_featured_image":false,"wp_typography_post_enhancements_disabled":false,"advgb_blocks_editor_width":"","advgb_blocks_columns_visual_guide":"","footnotes":""},"class_list":["post-3411","page","type-page","status-publish","has-post-thumbnail","hentry"],"coauthors":[],"author_meta":{"author_link":"https:\/\/hedwig-dohm-os.de\/01\/author\/angelimudra\/","display_name":"admin"},"relative_dates":{"created":"Ver\u00f6ffentlicht 4\u00a0Jahren vor","modified":"Aktualisiert 3\u00a0Jahren vor"},"absolute_dates":{"created":"Ver\u00f6ffentlicht am 9. Dezember 2021","modified":"Aktualisiert am 3. Januar 2023"},"absolute_dates_time":{"created":"Ver\u00f6ffentlicht am 9. Dezember 2021 5:56","modified":"Aktualisiert am 3. Januar 2023 4:28"},"featured_img_caption":"","featured_img":"https:\/\/hedwig-dohm-os.de\/wp-content\/uploads\/2021\/12\/unterricht.png","series_order":"","_links":{"self":[{"href":"https:\/\/hedwig-dohm-os.de\/01\/wp-json\/wp\/v2\/pages\/3411","targetHints":{"allow":["GET"]}}],"collection":[{"href":"https:\/\/hedwig-dohm-os.de\/01\/wp-json\/wp\/v2\/pages"}],"about":[{"href":"https:\/\/hedwig-dohm-os.de\/01\/wp-json\/wp\/v2\/types\/page"}],"author":[{"embeddable":true,"href":"https:\/\/hedwig-dohm-os.de\/01\/wp-json\/wp\/v2\/users\/1"}],"replies":[{"embeddable":true,"href":"https:\/\/hedwig-dohm-os.de\/01\/wp-json\/wp\/v2\/comments?post=3411"}],"version-history":[{"count":0,"href":"https:\/\/hedwig-dohm-os.de\/01\/wp-json\/wp\/v2\/pages\/3411\/revisions"}],"up":[{"embeddable":true,"href":"https:\/\/hedwig-dohm-os.de\/01\/wp-json\/wp\/v2\/pages\/67"}],"wp:featuredmedia":[{"embeddable":true,"href":"https:\/\/hedwig-dohm-os.de\/01\/wp-json\/wp\/v2\/media\/3326"}],"wp:attachment":[{"href":"https:\/\/hedwig-dohm-os.de\/01\/wp-json\/wp\/v2\/media?parent=3411"}],"curies":[{"name":"wp","href":"https:\/\/api.w.org\/{rel}","templated":true}]}}