{"id":11518,"date":"2024-02-14T04:05:05","date_gmt":"2024-02-14T04:05:05","guid":{"rendered":"https:\/\/hedwig-dohm-os.de\/?page_id=11518"},"modified":"2025-03-13T14:26:10","modified_gmt":"2025-03-13T14:26:10","slug":"awarenesss-person","status":"publish","type":"page","link":"https:\/\/hedwig-dohm-os.de\/01\/schuelerinnen\/schulprojekte\/awarenesss-person\/","title":{"rendered":"Awareness-Person"},"content":{"rendered":"\n<div class=\"wp-block-advgb-columns advgb-columns-wrapper\" id=\"advgb-cols-7fd1fb90-387e-4189-8e52-2818244c7982\"><div class=\"advgb-columns-container\"><div class=\"advgb-columns advgb-columns-row advgb-is-mobile advgb-columns-2 layout-13-23 mbl-layout-stacked gutter-20 vgutter-10\">\n<div class=\"wp-block-advgb-column advgb-column advgb-is-one-third-tablet advgb-is-full-mobile\" id=\"advgb-col-a758220f-ff56-4276-b8bd-6fe0f23e2c19\"><div class=\"advgb-column-inner\" style=\"border-style:none;border-width:1px\">\n<div class=\"wp-block-stackable-card aligncenter stk-block-card stk-block stk-a160b9f stk-block-background info-kontaktbox-widget-block\" data-v=\"2\" data-block-id=\"a160b9f\"><div class=\"stk--no-padding stk-container stk-a160b9f-container\"><figure class=\"stk-block-card__image stk-img-wrapper stk-image--shape-stretch\"><img loading=\"lazy\" decoding=\"async\" class=\"stk-img wp-image-11520\" src=\"https:\/\/hedwig-dohm-os.de\/wp-content\/uploads\/2024\/02\/Logo-duvia.png\" width=\"700\" height=\"214\" alt=\"duvia e.V.\" srcset=\"https:\/\/hedwig-dohm-os.de\/wp-content\/uploads\/2024\/02\/Logo-duvia.png 700w, https:\/\/hedwig-dohm-os.de\/wp-content\/uploads\/2024\/02\/Logo-duvia-300x92.png 300w\" sizes=\"auto, (max-width: 700px) 100vw, 700px\"><\/figure><div class=\"stk-container-padding stk-block-card__content\"><div class=\"stk-block-content stk-inner-blocks has-text-align-center stk-a160b9f-inner-blocks\">\n<p class=\"has-text-align-left\"><strong>Kontakt:<\/strong><\/p>\n\n\n\n<p class=\"has-text-align-left\"><strong>Fr. Rut<\/strong>:<\/p>\n\n\n\n<p>mon\u00adtags 12.30-bis 14.30<\/p>\n\n\n\n<p>mitt\u00adwochs 12.30 bis 15.30<\/p>\n\n\n\n<p>pr\u00e4\u00adsent auf dem Schul\u00adhof (erkenn\u00adbar durch gr\u00fc\u00adnen Schal) oder im Raum&nbsp;A001<\/p>\n\n\n\n<p class=\"has-text-align-left\">oder \u00fcber die Schul.cloud: awa\u00adre\u00adness&nbsp;Rut<\/p>\n\n\n\n<p class=\"has-text-align-left\"><br><\/p>\n\n\n\n<p class=\"has-text-align-left\"><\/p>\n\n\n\n<p class=\"has-text-align-left\"><\/p>\n\n\n\n<p class=\"has-text-align-left\"><\/p>\n<\/div><\/div><\/div><\/div>\n<\/div><\/div>\n\n\n\n<div class=\"wp-block-advgb-column advgb-column advgb-is-two-thirds-tablet advgb-is-full-mobile\" id=\"advgb-col-1bc84434-f566-4634-a071-2a4a37ce8c39\"><div class=\"advgb-column-inner\" style=\"border-style:none;border-width:1px\">\n<h3 class=\"wp-block-heading orange-message\">Ver\u00e4nderungen brauchen Zeit und Einsatz und sie machen oft zun\u00e4chst alles noch etwas komplizierter&nbsp;\u2026<\/h3>\n\n\n\n<div style=\"height:24px\" aria-hidden=\"true\" class=\"wp-block-spacer\"><\/div>\n\n\n\n<h3 class=\"wp-block-heading\">Angebote:<\/h3>\n\n\n\n<ul class=\"wp-block-list\">\n<li>Bera\u00adtung und Gespr\u00e4\u00adche in der Schu\u00adle zu dis\u00adkri\u00admi\u00adnie\u00adrungs\u00adbe\u00adzo\u00adge\u00adnen Situa\u00adtio\u00adnen, Sor\u00adgen und Bed\u00fcrf\u00adnis\u00adsen,&nbsp;etc.<\/li>\n\n\n\n<li>Offe\u00adne Telefon-Sprechstunden f\u00fcr das Kol\u00adle\u00adgi\u00adum (don\u00adners\u00adtags 17:00 bis 18:00 Uhr oder telefonisch)<\/li>\n<\/ul>\n\n\n\n<div style=\"height:24px\" aria-hidden=\"true\" class=\"wp-block-spacer\"><\/div>\n\n\n\n<h3 class=\"wp-block-heading\">Zust\u00e4ndigkeit und Haltung:<\/h3>\n\n\n\n<h4 class=\"wp-block-heading green-message\">Die Awareness-Person macht\/ist:<\/h4>\n\n\n\n<div class=\"wp-block-advgb-list\"><ul class=\"advgblist-be445605-cc4b-4770-b49d-48b7fd53555b advgb-list advgb-list-yes-alt\">\n<li>bedarfs\u00adori\u00aden\u00adtier\u00adte Beratung\/ Gespr\u00e4\u00adche und Ansprech\u00adper\u00adson f\u00fcr The\u00admen rund um Dis\u00adkri\u00admi\u00adnie\u00adrung und Ras\u00adsis\u00admus f\u00fcr Sch\u00fcler:innen und das Kolegium<\/li>\n\n\n\n<li>Unter\u00adst\u00fct\u00adzung und Empower\u00adment \u2013 Raum\u00adan\u00adge\u00adbot f\u00fcr Betroffene<\/li>\n\n\n\n<li>eine exter\u00adne Per\u00adson, die bis auf F\u00e4l\u00adle des Kin\u00adder\u00adschut\u00adzes oder Situa\u00adtio\u00adnen, die schul\u00adrecht\u00adli\u00adche Kon\u00adse\u00adquen\u00adzen for\u00addern, Anony\u00admi\u00adt\u00e4t garan\u00adtie\u00adren&nbsp;kann.<\/li>\n\n\n\n<li>Hal\u00adtung: ernst neh\u00admend, empa\u00adthisch, dis\u00adkret, freund\u00adlich, zuge\u00adwandt, lernend<\/li>\n<\/ul><\/div>\n\n\n\n<div style=\"height:24px\" aria-hidden=\"true\" class=\"wp-block-spacer\"><\/div>\n\n\n\n<h4 class=\"wp-block-heading red-message\">Die Awareness-Person macht\/ist nicht:<\/h4>\n\n\n\n<div class=\"wp-block-advgb-list\"><ul class=\"advgblist-8e8baaef-82b3-4c20-8f24-1a20a1e2a377 advgb-list advgb-list-dismiss\">\n<li>f\u00fcr die Kl\u00e4\u00adrung von Kon\u00adflik\u00adten oder Media\u00adtio\u00adnen ver\u00adant\u00adwort\u00adlich. Ver\u00adweist aber an die Schulsozialarbeit\/ Schul\u00adpsy\u00adcho\u00adlo\u00adgie oder Pro-Respekt weiter.<\/li>\n\n\n\n<li>pro\u00adak\u00adti\u00adve Sen\u00adsi\u00adbi\u00adli\u00adsie\u00adrung f\u00fcr Ras\u00adsis\u00admus und\/ oder Diskriminierung&nbsp;<\/li>\n\n\n\n<li>Work\u00adshops in Klassen<\/li>\n\n\n\n<li>kei\u00adne anti-rassistische Sprach-Polizei auf dem Schul\u00adhof, son\u00addern ins\u00adbe\u00adson\u00adde\u00adre f\u00fcr Bedar\u00adfe Betrof\u00adfe\u00adner oder \u201cOpfer\u201d da.<\/li>\n<\/ul><\/div>\n\n\n\n<div style=\"height:24px\" aria-hidden=\"true\" class=\"wp-block-spacer\"><\/div>\n\n\n\n<blockquote class=\"wp-block-quote is-style-default is-layout-flow wp-block-quote-is-layout-flow\" style=\"font-style:normal;font-weight:100\">\n<p class=\"has-white-color has-luminous-vivid-amber-background-color has-text-color has-background has-link-color orange-message wp-elements-733598d4ccaf492bd87f80b58de47893\">Gelun\u00adge\u00adne Inte\u00adgra\u00adti\u00adon erh\u00f6ht des\u00adhalb das Kon\u00adflikt\u00adpo\u00adten\u00adti\u00adal, weil Inklu\u00adsi\u00adon, Gleich\u00adbe\u00adrech\u00adti\u00adgung oder eine Ver\u00adbes\u00adse\u00adrung der Teil\u00adha\u00adbe\u00adchan\u00adcen nicht zu einer Homo\u00adge\u00adni\u00adsie\u00adrung, nicht zu mehr Har\u00admo\u00adnie und Kon\u00adsens in der Gesell\u00adschaft, son\u00addern zu mehr Dis\u00adso\u00adnanz und Neu\u00adaus\u00adhand\u00adlun\u00adgen&nbsp;f\u00fchrt.<\/p>\n<cite>El-Mafaalani, Ala\u00addin (2018): Das Inte\u00adgra\u00adti\u00adons\u00adpa\u00adra\u00addox, Kie\u00adpen\u00adheu\u00ader &amp;&nbsp;Witsch: K\u00f6ln. S.&nbsp;79<\/cite><\/blockquote>\n<\/div><\/div>\n<\/div><\/div><\/div>\n\n\n\n<div style=\"height:100px\" aria-hidden=\"true\" class=\"wp-block-spacer\"><\/div>\n<style class=\"advgb-styles-renderer\">.stk-a160b9f {background-color:#8ed1fc4d !important;border-top-left-radius:1px !important;border-top-right-radius:1px !important;border-bottom-right-radius:1px !important;border-bottom-left-radius:1px !important;overflow:hidden !important;border-style:dashed !important;border-color:#8ed1fc !important;border-top-width:1px !important;border-right-width:1px !important;border-bottom-width:1px !important;border-left-width:1px !important;max-width:250px !important;min-width:auto !important;}.stk-a160b9f:before{background-color:#8ed1fc4d !important;}.stk-a160b9f-container{background-color:#ffffff !important;border-radius:0px !important;overflow:hidden !important;max-width:350px !important;min-width:auto !important;}.stk-a160b9f-container:before{background-color:#ffffff !important;}.stk-a160b9f .stk-block-card__image{height:250px !important;}.stk-a160b9f .stk-block-card__image img{transform:scale(1) !important;object-fit:contain !important;}#advgb-col-a758220f-ff56-4276-b8bd-6fe0f23e2c19>.advgb-column-inner{}@media screen and (max-width: 1023px) {#advgb-col-a758220f-ff56-4276-b8bd-6fe0f23e2c19>.advgb-column-inner{}}@media screen and (max-width: 767px) {#advgb-col-a758220f-ff56-4276-b8bd-6fe0f23e2c19>.advgb-column-inner{}}.wp-block-advgb-list ul.advgblist-be445605-cc4b-4770-b49d-48b7fd53555b > li{font-size:16px;}.wp-block-advgb-list ul.advgblist-be445605-cc4b-4770-b49d-48b7fd53555b > li{padding-left:18px;margin-left:0;}.wp-block-advgb-list ul.advgblist-be445605-cc4b-4770-b49d-48b7fd53555b > li:before{font-size:16px;color:#000;line-height:18px;margin:2px;padding:2px;margin-left:-20px}.wp-block-advgb-list ul.advgblist-8e8baaef-82b3-4c20-8f24-1a20a1e2a377 > li{font-size:16px;}.wp-block-advgb-list ul.advgblist-8e8baaef-82b3-4c20-8f24-1a20a1e2a377 > li{padding-left:18px;margin-left:0;}.wp-block-advgb-list ul.advgblist-8e8baaef-82b3-4c20-8f24-1a20a1e2a377 > li:before{font-size:16px;color:#000;line-height:18px;margin:2px;padding:2px;margin-left:-20px}#advgb-col-1bc84434-f566-4634-a071-2a4a37ce8c39>.advgb-column-inner{}@media screen and (max-width: 1023px) {#advgb-col-1bc84434-f566-4634-a071-2a4a37ce8c39>.advgb-column-inner{}}@media screen and (max-width: 767px) {#advgb-col-1bc84434-f566-4634-a071-2a4a37ce8c39>.advgb-column-inner{}}.wp-block-advgb-list ul.advgblist-be445605-cc4b-4770-b49d-48b7fd53555b > li{font-size:16px;}.wp-block-advgb-list ul.advgblist-be445605-cc4b-4770-b49d-48b7fd53555b > li{padding-left:18px;margin-left:0;}.wp-block-advgb-list ul.advgblist-be445605-cc4b-4770-b49d-48b7fd53555b > li:before{font-size:16px;color:#000;line-height:18px;margin:2px;padding:2px;margin-left:-20px}.wp-block-advgb-list ul.advgblist-8e8baaef-82b3-4c20-8f24-1a20a1e2a377 > li{font-size:16px;}.wp-block-advgb-list ul.advgblist-8e8baaef-82b3-4c20-8f24-1a20a1e2a377 > li{padding-left:18px;margin-left:0;}.wp-block-advgb-list ul.advgblist-8e8baaef-82b3-4c20-8f24-1a20a1e2a377 > li:before{font-size:16px;color:#000;line-height:18px;margin:2px;padding:2px;margin-left:-20px}#advgb-cols-7fd1fb90-387e-4189-8e52-2818244c7982{}@media screen and (max-width: 1023px) {#advgb-cols-7fd1fb90-387e-4189-8e52-2818244c7982{}}@media screen and (max-width: 767px) {#advgb-cols-7fd1fb90-387e-4189-8e52-2818244c7982{}}#advgb-col-a758220f-ff56-4276-b8bd-6fe0f23e2c19>.advgb-column-inner{}@media screen and (max-width: 1023px) {#advgb-col-a758220f-ff56-4276-b8bd-6fe0f23e2c19>.advgb-column-inner{}}@media screen and (max-width: 767px) {#advgb-col-a758220f-ff56-4276-b8bd-6fe0f23e2c19>.advgb-column-inner{}}#advgb-col-1bc84434-f566-4634-a071-2a4a37ce8c39>.advgb-column-inner{}@media screen and (max-width: 1023px) {#advgb-col-1bc84434-f566-4634-a071-2a4a37ce8c39>.advgb-column-inner{}}@media screen and (max-width: 767px) {#advgb-col-1bc84434-f566-4634-a071-2a4a37ce8c39>.advgb-column-inner{}}.wp-block-advgb-list ul.advgblist-be445605-cc4b-4770-b49d-48b7fd53555b > li{font-size:16px;}.wp-block-advgb-list ul.advgblist-be445605-cc4b-4770-b49d-48b7fd53555b > li{padding-left:18px;margin-left:0;}.wp-block-advgb-list ul.advgblist-be445605-cc4b-4770-b49d-48b7fd53555b > li:before{font-size:16px;color:#000;line-height:18px;margin:2px;padding:2px;margin-left:-20px}.wp-block-advgb-list ul.advgblist-8e8baaef-82b3-4c20-8f24-1a20a1e2a377 > li{font-size:16px;}.wp-block-advgb-list ul.advgblist-8e8baaef-82b3-4c20-8f24-1a20a1e2a377 > li{padding-left:18px;margin-left:0;}.wp-block-advgb-list ul.advgblist-8e8baaef-82b3-4c20-8f24-1a20a1e2a377 > li:before{font-size:16px;color:#000;line-height:18px;margin:2px;padding:2px;margin-left:-20px}<\/style>","protected":false},"excerpt":{"rendered":"","protected":false},"author":1,"featured_media":0,"parent":7448,"menu_order":0,"comment_status":"closed","ping_status":"closed","template":"","meta":{"inline_featured_image":false,"wp_typography_post_enhancements_disabled":false,"advgb_blocks_editor_width":"","advgb_blocks_columns_visual_guide":"","footnotes":""},"class_list":["post-11518","page","type-page","status-publish","hentry"],"coauthors":[],"author_meta":{"author_link":"https:\/\/hedwig-dohm-os.de\/01\/author\/angelimudra\/","display_name":"admin"},"relative_dates":{"created":"Ver\u00f6ffentlicht 2\u00a0Jahren vor","modified":"Aktualisiert 1\u00a0Jahr vor"},"absolute_dates":{"created":"Ver\u00f6ffentlicht am 14. Februar 2024","modified":"Aktualisiert am 13. M\u00e4rz 2025"},"absolute_dates_time":{"created":"Ver\u00f6ffentlicht am 14. Februar 2024 4:05","modified":"Aktualisiert am 13. M\u00e4rz 2025 14:26"},"featured_img_caption":"","featured_img":false,"series_order":"","_links":{"self":[{"href":"https:\/\/hedwig-dohm-os.de\/01\/wp-json\/wp\/v2\/pages\/11518","targetHints":{"allow":["GET"]}}],"collection":[{"href":"https:\/\/hedwig-dohm-os.de\/01\/wp-json\/wp\/v2\/pages"}],"about":[{"href":"https:\/\/hedwig-dohm-os.de\/01\/wp-json\/wp\/v2\/types\/page"}],"author":[{"embeddable":true,"href":"https:\/\/hedwig-dohm-os.de\/01\/wp-json\/wp\/v2\/users\/1"}],"replies":[{"embeddable":true,"href":"https:\/\/hedwig-dohm-os.de\/01\/wp-json\/wp\/v2\/comments?post=11518"}],"version-history":[{"count":1,"href":"https:\/\/hedwig-dohm-os.de\/01\/wp-json\/wp\/v2\/pages\/11518\/revisions"}],"predecessor-version":[{"id":12126,"href":"https:\/\/hedwig-dohm-os.de\/01\/wp-json\/wp\/v2\/pages\/11518\/revisions\/12126"}],"up":[{"embeddable":true,"href":"https:\/\/hedwig-dohm-os.de\/01\/wp-json\/wp\/v2\/pages\/7448"}],"wp:attachment":[{"href":"https:\/\/hedwig-dohm-os.de\/01\/wp-json\/wp\/v2\/media?parent=11518"}],"curies":[{"name":"wp","href":"https:\/\/api.w.org\/{rel}","templated":true}]}}